{"id":758,"date":"2016-04-26T15:53:34","date_gmt":"2016-04-26T13:53:34","guid":{"rendered":"http:\/\/www.cahiers-antispecistes.org\/?page_id=758&#038;lang=pt-pt"},"modified":"2016-05-01T15:21:17","modified_gmt":"2016-05-01T13:21:17","slug":"apresentacao-da-revista","status":"publish","type":"page","link":"https:\/\/www.cahiers-antispecistes.org\/pt-pt\/apresentacao-da-revista\/","title":{"rendered":"Apresenta\u00e7\u00e3o da revista"},"content":{"rendered":"<div class=\"texte\" dir=\"ltr\">\n<p>Os <i>Cahiers antisp\u00e9cistes<\/i> (\u00abCadernos anti-especistas\u00bb) foram fundados em 1991 para questionar o <a class=\"spip_in\" href=\"http:\/\/www.cahiers-antispecistes.org\/le-specisme\/\">especismo<\/a> e para explorar as implica\u00e7\u00f5es cient\u00edficas, culturais e pol\u00edticas do projeto.<\/p>\n<p>Os <i>Cahiers antisp\u00e9cistes<\/i> prop\u00f5em principalmente:<\/p>\n<p>- Artigos de filosofia moral que exprimem uma multiplicidade de enfoques te\u00f3ricos relativos \u00e0 quest\u00e3o animalista?<\/p>\n<p>- An\u00e1lises sobre o especismo (atrav\u00e9s do enfoque de diferentes disciplinas: psicologia, sociologia, filosofia, etologia, biologia, etc.).<\/p>\n<p>- An\u00e1lises sobre os la\u00e7os existentes entre o especismo e as discrimina\u00e7\u00f5es intra-humanas (como o sexismo, racismo ou discrimina\u00e7\u00f5es de idade).<\/p>\n<p>- Uma reflex\u00e3o sobre outros setores onde a quest\u00e3o animalista aparece como um desafio (subjetividade animal, taxonomia, bio\u00e9tica, etc.).<\/p>\n<p>- Invent\u00e1rio bibliogr\u00e1fico e verifica\u00e7\u00e3o de livros sobre o tema.<\/p>\n<p>- Debates contradit\u00f3rios relativos \u00e0 estrat\u00e9gia anti-especista.<\/p>\n<p>- Informa\u00e7\u00f5es sobre as atividades de grupos militantes na Fran\u00e7a ou no exterior.<\/p>\n<p>- Respostas \u00e0s cr\u00edticas feitas ao anti-especismo.<\/p>\n<h3>O projeto dos <i>Cahiers antisp\u00e9cistes<\/i><\/h3>\n<p>O projeto dos <i>Cahiers antisp\u00e9cistes<\/i> determina a escolha de textos; \u00e9 em fun\u00e7\u00e3o deste projeto que ser\u00e3o publicados os artigos sobre os temas escolhidos pela reda\u00e7\u00e3o. Os autores que fundaram este projeto n\u00e3o t\u00eam, necessariamente, os mesmos pontos de vista.<\/p>\n<p>Alguns elementos do projeto:<\/p>\n<p>Para n\u00f3s, o anti-especismo inscreve-se em uma tradi\u00e7\u00e3o laica. N\u00e3o enxergamos o ser humano como oriundo de um ato divino, de uma cria\u00e7\u00e3o separada; nenhuma diferen\u00e7a ontol\u00f3gica fundamental pode ser ligada \u00e0 no\u00e7\u00e3o de esp\u00e9cie. Assim como a \u00e9tica n\u00e3o consiste em obedecer \u00e0 vontade de um deus, ela tamb\u00e9m n\u00e3o deve ser escrava do respeito pela \u00abnatureza\u00bb.<\/p>\n<p>Os Cadernos anti-especistas afirmam a necessidade de uma ruptura com o pensamento ecologista. Recusamos, em particular, confundir a id\u00e9ia de igualdade animal com a de defesa da natureza ou das esp\u00e9cies. O sofrimento de cada uma das centenas de milhares de galinhas poedeiras possui tanta import\u00e2ncia quanto o sofrimento da \u00faltima baleia azul.<\/p>\n<p>Estamos apoiados, em grande parte, no desenvolvimento de uma \u00e9tica utilitarista. O utilitarismo pode ser definido como um hedonismo altru\u00edsta, que enxerga como valor fundamental o prazer, a felicidade e a satisfa\u00e7\u00e3o dos indiv\u00edduos. N\u00e3o \u00e9 em nome de um ascetismo qualquer ou de uma vontade de pureza pessoal que pregamos o vegetarianismo, mas em nome do respeito dos interesses alheios: os dos animais n\u00e3o humanos.<\/p>\n<p>Por\u00e9m, al\u00e9m do utilitarismo, reconhecemos a import\u00e2ncia de outras contribui\u00e7\u00f5es te\u00f3ricas, em particular a da teoria dos direitos.<\/p>\n<p>Pensamos que a luta contra o especismo est\u00e1 naturalmente inscrita no contexto progressista das lutas pela igualdade. Ela implica um questionamento fundamental dos mecanismos do desprezo e da opress\u00e3o que vitimam animais, sejam estes humanos ou n\u00e3o.<\/p>\n<p>A luta contra o especismo implica uma revolu\u00e7\u00e3o cultural maior, que atinja in\u00fameros setores do pensamento e das pr\u00e1ticas humanas. Desejamos encorajar o desenvolvimento desta revolu\u00e7\u00e3o em todos os setores poss\u00edveis.<\/p>\n<h3>A reda\u00e7\u00e3o<\/h3>\n<p>A reda\u00e7\u00e3o \u00e9 composta (2008) por Antonin Chiswick, Antoine Comiti, Estiva Reus e Brigitte Gothi\u00e8re. Os <i>Cahiers antisp\u00e9cistes<\/i> s\u00e3o uma revista independente de quaisquer outras organiza\u00e7\u00f5es.<\/p>\n<p>David Olivier \u00e9 o webmaster (Monsieur<strong>(_A_)<\/strong>David.Olivier.name, remplacer <strong>(_A_)<\/strong> par @).<\/p>\n<h3>Reprodu\u00e7\u00e3o<\/h3>\n<p>Encorajamos a livre divulga\u00e7\u00e3o dos textos, com a condi\u00e7\u00e3o que o conte\u00fado destes n\u00e3o seja deformado e que a fonte seja citada. Entretanto, n\u00e3o podemos autorizar a publica\u00e7\u00e3o livre de todos os textos da revista, cujos direitos possam ser detidos por terceiros. Entre em contato conosco caso seja necess\u00e1rio.<\/p>\n<h3>Diversos<\/h3>\n<p>ISSN: 1162-2709.<\/p>\n<p>Nome antigo: <i>Les Cahiers antisp\u00e9cistes lyonnais<\/i>.<\/p>\n<p>Endere\u00e7o: c\/o Gothi\u00e8re, 19 rue de la Ch\u00e8vre, 57000 Metz, France.<\/p>\n<p>Endere\u00e7o eletr\u00f4nico: redac<strong>(_A_)<\/strong>cahiers-antispecistes.org, remplacer <strong>(_A_)<\/strong> par @.<\/p>\n<\/div>\n<div class=\"wp-socializer wpsr-share-icons \" data-lg-action=\"show\" data-sm-action=\"show\" data-sm-width=\"768\" ><h3>Share and Enjoy !<\/h3><div class=\"wpsr-si-inner\"><div class=\"wpsr-counter wpsrc-sz-32px\" style=\"color:#000\"><span class=\"scount\"><span data-wpsrs=\"\" data-wpsrs-svcs=\"facebook,twitter,linkedin,pinterest,print,pdf\">0<\/span><\/span><small class=\"stext\">Shares<\/small><\/div><div class=\"socializer sr-popup sr-32px sr-circle sr-opacity sr-pad sr-count-1 sr-count-1\"><span class=\"sr-facebook\"><a rel=\"nofollow\" href=\"https:\/\/www.facebook.com\/share.php?u=\" target=\"_blank\"  title=\"Share this on Facebook\"  style=\"color: #ffffff\" ><i class=\"fab fa-facebook-f\"><\/i><span class=\"ctext\"><span data-wpsrs=\"\" data-wpsrs-svcs=\"facebook\">0<\/span><\/span><\/a><\/span>\n<span class=\"sr-twitter\"><a rel=\"nofollow\" href=\"https:\/\/twitter.com\/intent\/tweet?text=%20-%20%20\" target=\"_blank\"  title=\"Tweet this !\"  style=\"color: #ffffff\" ><i class=\"fab fa-twitter\"><\/i><\/a><\/span>\n<span class=\"sr-linkedin\"><a rel=\"nofollow\" href=\"https:\/\/www.linkedin.com\/sharing\/share-offsite\/?url=\" target=\"_blank\"  title=\"Add this to LinkedIn\"  style=\"color: #ffffff\" ><i class=\"fab fa-linkedin-in\"><\/i><\/a><\/span>\n<span class=\"sr-pinterest\"><a rel=\"nofollow\" href=\"https:\/\/www.pinterest.com\/pin\/create\/button\/?url=&amp;media=&amp;description=\" target=\"_blank\"  title=\"Submit this to Pinterest\"  style=\"color: #ffffff\" data-pin-custom=\"true\"><i class=\"fab fa-pinterest\"><\/i><span class=\"ctext\"><span data-wpsrs=\"\" data-wpsrs-svcs=\"pinterest\">0<\/span><\/span><\/a><\/span>\n<span class=\"sr-print\"><a rel=\"nofollow\" href=\"https:\/\/www.printfriendly.com\/print?url=\" target=\"_blank\"  title=\"Print this article \"  style=\"color: #ffffff\" ><i class=\"fa fa-print\"><\/i><\/a><\/span>\n<span class=\"sr-pdf\"><a rel=\"nofollow\" href=\"https:\/\/www.printfriendly.com\/print?url=\" target=\"_blank\"  title=\"Convert to PDF\"  style=\"color: #ffffff\" ><i class=\"fa fa-file-pdf\"><\/i><\/a><\/span><\/div><\/div><\/div>","protected":false},"excerpt":{"rendered":"<p>Os Cahiers antisp\u00e9cistes (\u00abCadernos anti-especistas\u00bb) foram fundados em 1991 para questionar o especismo e para explorar as implica\u00e7\u00f5es cient\u00edficas, culturais e pol\u00edticas do projeto. Os Cahiers antisp\u00e9cistes prop\u00f5em principalmente: &#8211; Artigos de filosofia moral que exprimem uma multiplicidade de enfoques te\u00f3ricos relativos \u00e0 quest\u00e3o animalista? &#8211; An\u00e1lises sobre o especismo (atrav\u00e9s do enfoque de diferentes [&hellip;]<\/p>\n","protected":false},"author":48,"featured_media":0,"parent":0,"menu_order":0,"comment_status":"closed","ping_status":"closed","template":"","meta":[],"yoast_head":"<!-- This site is optimized with the Yoast SEO plugin v14.9 - https:\/\/yoast.com\/wordpress\/plugins\/seo\/ -->\n<title>Apresenta\u00e7\u00e3o da revista - Les Cahiers antisp\u00e9cistes<\/title>\n<meta name=\"robots\" content=\"index, follow, max-snippet:-1, max-image-preview:large, max-video-preview:-1\" \/>\n<link rel=\"canonical\" href=\"https:\/\/www.cahiers-antispecistes.org\/pt-pt\/apresentacao-da-revista\/\" \/>\n<meta property=\"og:locale\" content=\"pt_PT\" \/>\n<meta property=\"og:type\" content=\"article\" \/>\n<meta property=\"og:title\" content=\"Apresenta\u00e7\u00e3o da revista - Les Cahiers antisp\u00e9cistes\" \/>\n<meta property=\"og:description\" content=\"Os Cahiers antisp\u00e9cistes (\u00abCadernos anti-especistas\u00bb) foram fundados em 1991 para questionar o especismo e para explorar as implica\u00e7\u00f5es cient\u00edficas, culturais e pol\u00edticas do projeto. Os Cahiers antisp\u00e9cistes prop\u00f5em principalmente: - Artigos de filosofia moral que exprimem uma multiplicidade de enfoques te\u00f3ricos relativos \u00e0 quest\u00e3o animalista? - An\u00e1lises sobre o especismo (atrav\u00e9s do enfoque de diferentes [&hellip;]\" \/>\n<meta property=\"og:url\" content=\"https:\/\/www.cahiers-antispecistes.org\/pt-pt\/apresentacao-da-revista\/\" \/>\n<meta property=\"og:site_name\" content=\"Les Cahiers antisp\u00e9cistes\" \/>\n<meta property=\"article:modified_time\" content=\"2016-05-01T13:21:17+00:00\" \/>\n<meta name=\"twitter:card\" content=\"summary_large_image\" \/>\n<script type=\"application\/ld+json\" class=\"yoast-schema-graph\">{\"@context\":\"https:\/\/schema.org\",\"@graph\":[{\"@type\":\"WebSite\",\"@id\":\"https:\/\/www.cahiers-antispecistes.org\/pt-pt\/#website\",\"url\":\"https:\/\/www.cahiers-antispecistes.org\/pt-pt\/\",\"name\":\"Les Cahiers antisp\\u00e9cistes\",\"description\":\"R\\u00e9flexion et action pour l&#039;\\u00e9galit\\u00e9 animale\",\"potentialAction\":[{\"@type\":\"SearchAction\",\"target\":\"https:\/\/www.cahiers-antispecistes.org\/pt-pt\/?s={search_term_string}\",\"query-input\":\"required name=search_term_string\"}],\"inLanguage\":\"pt-PT\"},{\"@type\":\"WebPage\",\"@id\":\"https:\/\/www.cahiers-antispecistes.org\/pt-pt\/apresentacao-da-revista\/#webpage\",\"url\":\"https:\/\/www.cahiers-antispecistes.org\/pt-pt\/apresentacao-da-revista\/\",\"name\":\"Apresenta\\u00e7\\u00e3o da revista - Les Cahiers antisp\\u00e9cistes\",\"isPartOf\":{\"@id\":\"https:\/\/www.cahiers-antispecistes.org\/pt-pt\/#website\"},\"datePublished\":\"2016-04-26T13:53:34+00:00\",\"dateModified\":\"2016-05-01T13:21:17+00:00\",\"inLanguage\":\"pt-PT\",\"potentialAction\":[{\"@type\":\"ReadAction\",\"target\":[\"https:\/\/www.cahiers-antispecistes.org\/pt-pt\/apresentacao-da-revista\/\"]}]}]}<\/script>\n<!-- \/ Yoast SEO plugin. -->","_links":{"self":[{"href":"https:\/\/www.cahiers-antispecistes.org\/pt-pt\/wp-json\/wp\/v2\/pages\/758\/"}],"collection":[{"href":"https:\/\/www.cahiers-antispecistes.org\/pt-pt\/wp-json\/wp\/v2\/pages\/"}],"about":[{"href":"https:\/\/www.cahiers-antispecistes.org\/pt-pt\/wp-json\/wp\/v2\/types\/page\/"}],"author":[{"embeddable":true,"href":"https:\/\/www.cahiers-antispecistes.org\/pt-pt\/wp-json\/wp\/v2\/users\/48\/"}],"replies":[{"embeddable":true,"href":"https:\/\/www.cahiers-antispecistes.org\/pt-pt\/wp-json\/wp\/v2\/comments\/?post=758"}],"version-history":[{"count":2,"href":"https:\/\/www.cahiers-antispecistes.org\/pt-pt\/wp-json\/wp\/v2\/pages\/758\/revisions\/"}],"predecessor-version":[{"id":1388,"href":"https:\/\/www.cahiers-antispecistes.org\/pt-pt\/wp-json\/wp\/v2\/pages\/758\/revisions\/1388\/"}],"wp:attachment":[{"href":"https:\/\/www.cahiers-antispecistes.org\/pt-pt\/wp-json\/wp\/v2\/media\/?parent=758"}],"curies":[{"name":"wp","href":"https:\/\/api.w.org\/{rel}","templated":true}]}}